
{"id":5,"date":"2020-12-15T16:13:10","date_gmt":"2020-12-15T16:13:10","guid":{"rendered":"https:\/\/originarycolor.com\/?page_id=3"},"modified":"2021-01-11T02:38:16","modified_gmt":"2021-01-11T02:38:16","slug":"politica-privacidad","status":"publish","type":"page","link":"https:\/\/originarycolor.com\/es\/politica-privacidad\/","title":{"rendered":"Pol\u00edtica de privacidad"},"content":{"rendered":"\t\t<div data-elementor-type=\"wp-page\" data-elementor-id=\"5\" class=\"elementor elementor-5\">\n\t\t\t\t\t\t<section class=\"elementor-section elementor-top-section elementor-element elementor-element-62179598 elementor-section-boxed elementor-section-height-default elementor-section-height-default mkdf-parallax-row-no mkdf-content-aligment-left mkdf-elementor-row-grid-no mkdf-disabled-bg-image-bellow-no\" data-id=\"62179598\" data-element_type=\"section\" data-e-type=\"section\">\n\t\t\t\t\t\t<div class=\"elementor-container elementor-column-gap-default\">\n\t\t\t\t\t<div class=\"elementor-column elementor-col-100 elementor-top-column elementor-element elementor-element-70d7bc2c\" data-id=\"70d7bc2c\" data-element_type=\"column\" data-e-type=\"column\">\n\t\t\t<div class=\"elementor-widget-wrap elementor-element-populated\">\n\t\t\t\t\t\t<div class=\"elementor-element elementor-element-b3486b4 elementor-widget elementor-widget-text-editor\" data-id=\"b3486b4\" data-element_type=\"widget\" data-e-type=\"widget\" data-widget_type=\"text-editor.default\">\n\t\t\t\t<div class=\"elementor-widget-container\">\n\t\t\t\t\t\t\t\t\t<p><\/p>\n<p style=\"text-align: justify;\"><b><strong><em>POL\u00cdTICA DE PRIVACIDAD Y PROTECCI\u00d3N DE DATOS DEL SITIO WEB<\/em><\/strong><\/b><\/p>\n<p style=\"text-align: justify;\"><em>Nijo10, S.L.<\/em><em>es una empresa en la que la transparencia en la informaci\u00f3n es fundamental para establecer una relaci\u00f3n de confianza con las personas que forman nuestro proyecto y con nuestros proveedores y clientes, siendo la protecci\u00f3n de los datos personales de las personas que conf\u00edan en nosotros de vital importancia, por lo que queremos mediante la presente Pol\u00edtica de privacidad y protecci\u00f3n de datos personales, informarte de c\u00f3mo recabamos y c\u00f3mo tratamos o utilizamos dichos datos.<\/em><\/p>\n<p style=\"text-align: justify;\"><em>En esta\u00a0<\/em><em>p<\/em><em>ol\u00edtica de privacidad y protecci\u00f3n de datos personales se establecen las bases sobre las que\u00a0<\/em><em>Nijo10, S.L.<\/em><em>, con domicilio en\u00a0<\/em><em>C\/ Garc\u00eda i Faria, 81\u00a0\u00a008019\u00a0\u00a0Barcelona (Barcelona)<\/em><em>, trata los datos de car\u00e1cter personal que voluntariamente nos facilitan nuestros usuarios a trav\u00e9s de la p\u00e1gina web.<\/em><\/p>\n<p style=\"text-align: justify;\"><em>Esta Pol\u00edtica siempre ser\u00e1 aplicable cuando se faciliten datos a\u00a0<\/em><em>Nijo10, S.L.<\/em><em>, el cual ser\u00e1 responsable de sus datos (Responsable del Tratamiento de los Datos), y a trav\u00e9s de cualquiera de los formularios de contacto o suscripci\u00f3n donde se recojan datos de car\u00e1cter personal (nombre, email, etc.)<\/em><em>.<\/em><\/p>\n<p style=\"text-align: justify;\"><b><strong><em>A QU\u00c9 NOS COMPROMETEMOS<\/em><\/strong><\/b><\/p>\n<ul style=\"text-align: justify;\">\n<li><em>A respetar la privacidad de nuestros usuarios y tratar los datos personales con el consentimiento de los mismos.<\/em><\/li>\n<li><em>A tratar los datos personales que estrictamente necesitemos para dar el servicio solicitado, y tratarlos de forma segura y confidencial, tomando las medidas necesarias para evitar el acceso no autorizado y el uso indebido de los mismos.<\/em><\/li>\n<li><em>A no utilizar los datos personales para finalidades para las que no hemos obtenido previamente el consentimiento.<\/em><\/li>\n<li><em>A no dar los datos personales a terceros ni compartirlos.<\/em><\/li>\n<li><em>A conservar los datos personales durante el tiempo estrictamente necesario para la finalidad concreta para la que han sido proporcionados.<\/em><\/li>\n<\/ul>\n<p style=\"text-align: justify;\"><b><strong><em>QU\u00c9 DATOS PERSONALES UTILIZAMOS<\/em><\/strong><\/b><\/p>\n<p style=\"text-align: justify;\"><em>A trav\u00e9s de nuestra p\u00e1gina web podemos recabar datos personales para diferentes finalidades:<\/em><\/p>\n<ul style=\"text-align: justify;\">\n<li><em>Solicitud de informaci\u00f3n por parte del usuario<\/em><\/li>\n<li><em>Suscripci\u00f3n a newsletters<\/em><\/li>\n<li><em>Trabajar con nosotros mediante el env\u00edo del curr\u00edculum<\/em><\/li>\n<\/ul>\n<p style=\"text-align: justify;\"><em>Dependiendo de la finalidad para la que se aportan los datos, ser\u00e1n requeridos los datos estrictamente necesarios.<\/em><\/p>\n<p style=\"text-align: justify;\"><em>Es importante que el usuario sea consciente de los datos que aporta y la finalidad para la que lo hace porque en el momento que los facilita, est\u00e1 aceptando que recopilemos, almacenemos y usemos dichos datos para la finalidad requerida, pudiendo en cualquier momento retirar el consentimiento prestado por los cauces oportunos siendo el consentimiento del interesado la base legal y legitimaci\u00f3n para el tratamiento de sus datos personales<\/em><em>.<\/em><\/p>\n<p style=\"text-align: justify;\"><b><strong><em>\u00a0<\/em><\/strong><\/b><\/p>\n<p style=\"text-align: justify;\"><b><strong><em>\u00a0<\/em><\/strong><\/b><\/p>\n<p style=\"text-align: justify;\"><b><strong><em>EXACTITUD Y VERACIDAD DE LOS DATOS<\/em><\/strong><\/b><\/p>\n<p style=\"text-align: justify;\"><em>El usuario, al aportar los datos requeridos en los formularios es el \u00fanico responsable de la veracidad de los datos remitidos, garantizando y respondiendo de la exactitud, vigencia y autenticidad de los datos personales facilitados, comprometi\u00e9ndose a mantenerlos debidamente actualizados.<\/em><\/p>\n<p style=\"text-align: justify;\"><b><strong><em>QU\u00c9 DERECHOS TIENE SOBRE LOS DATOS PERSONALES APORTADOS<\/em><\/strong><\/b><\/p>\n<p style=\"text-align: justify;\"><em>Una vez aportados los datos personales tendr\u00e1 derecho a:<\/em><\/p>\n<ul style=\"text-align: justify;\">\n<li><em>consultar cualquier duda y a que se le informe de c\u00f3mo usamos los datos y a obtener\u00a0<b><strong>ACCESO<\/strong><\/b>\u00a0a los mismos.<\/em><\/li>\n<li><em>que se\u00a0<b><strong>RECTIFIQUE<\/strong><\/b>\u00a0o borre su informaci\u00f3n o a imponer\u00a0<b><strong>LIMITACIONES\u00a0<\/strong><\/b>en el tratamiento de la misma.<\/em><\/li>\n<li><b><strong><em>CANCELACI\u00d3N\u00a0<\/em><\/strong><\/b><em>de los datos.<\/em><\/li>\n<li><b><strong><em>OPONERSE<\/em><\/strong><\/b><em>\u00a0al tratamiento de sus datos.<\/em><\/li>\n<li><b><strong><em>PORTABILIDAD<\/em><\/strong><\/b><em>\u00a0de los datos.<\/em><\/li>\n<\/ul>\n<p style=\"text-align: justify;\"><em>En cualquier momento, podr\u00e1 ejercitar estos Derechos, mediante un escrito y acreditando su personalidad dirigido a\u00a0<\/em><em>Nijo10, S.L.<\/em><em>, en\u00a0<\/em><em>C\/ Garc\u00eda i Faria, 81\u00a0\u00a008019\u00a0\u00a0Barcelona (Barcelona)<\/em><em>, o a trav\u00e9s de la direcci\u00f3n de correo electr\u00f3nico:\u00a0<\/em><em>info@nijo10.com<\/em><em>.<\/em><\/p>\n<p style=\"text-align: justify;\"><em>Adem\u00e1s, podr\u00e1 presentar una reclamaci\u00f3n ante la autoridad de control, en este caso, la Agencia Espa\u00f1ola de Protecci\u00f3n de Datos, si considera que el tratamiento de datos personales infringe la legislaci\u00f3n aplicable.<\/em><\/p>\n<p style=\"text-align: justify;\"><b><strong><em>SEGURIDAD Y ALMACENAMIENTO DE LOS DATOS<\/em><\/strong><\/b><\/p>\n<p style=\"text-align: justify;\"><em>Mantendremos los datos durante el tiempo estrictamente necesario para la prestaci\u00f3n del servicio solicitado y mientras el titular no solicite su eliminaci\u00f3n, adoptando las medidas adecuadas de car\u00e1cter t\u00e9cnico y organizativo contra el tratamiento no autorizado o il\u00edcito y contra su p\u00e9rdida, destrucci\u00f3n o da\u00f1o accidentales, haciendo todo lo posible por protegerlos y mantenerlos de forma segura<\/em><em>.<\/em><\/p>\n<p style=\"text-align: justify;\"><b><strong><em>QU\u00c9 DATOS PERSONALES COMPARTIMOS CON TERCEROS<\/em><\/strong><\/b><\/p>\n<p style=\"text-align: justify;\"><em>No se prev\u00e9n cesiones de datos salvo en aquellos casos en que exista una obligaci\u00f3n legal. No hay previsi\u00f3n de transferencias de datos internacionales.<\/em><\/p>\n<p style=\"text-align: justify;\"><em>\u00a0<\/em><\/p>\n<p style=\"text-align: justify;\"><em>\u00a0<\/em><\/p>\n<p><\/p>\t\t\t\t\t\t\t\t<\/div>\n\t\t\t\t<\/div>\n\t\t\t\t\t<\/div>\n\t\t<\/div>\n\t\t\t\t\t<\/div>\n\t\t<\/section>\n\t\t\t\t<\/div>\n\t\t","protected":false},"excerpt":{"rendered":"<p>POL\u00cdTICA DE PRIVACIDAD Y PROTECCI\u00d3N DE DATOS DEL SITIO WEB Nijo10, S.L.es una empresa en la que la transparencia en la informaci\u00f3n es fundamental para establecer una relaci\u00f3n de confianza con las personas que forman nuestro proyecto y con nuestros [&hellip;]<\/p>\n","protected":false},"author":1,"featured_media":0,"parent":0,"menu_order":4,"comment_status":"closed","ping_status":"closed","template":"","meta":{"footnotes":""},"class_list":["post-5","page","type-page","status-publish","hentry"],"yoast_head":"<!-- This site is optimized with the Yoast SEO plugin v27.4 - https:\/\/yoast.com\/product\/yoast-seo-wordpress\/ -->\n<title>Pol\u00edtica de privacidad - Originary Color<\/title>\n<meta name=\"robots\" content=\"index, follow, max-snippet:-1, max-image-preview:large, max-video-preview:-1\" \/>\n<link rel=\"canonical\" href=\"https:\/\/originarycolor.com\/es\/politica-privacidad\/\" \/>\n<meta property=\"og:locale\" content=\"es_ES\" \/>\n<meta property=\"og:type\" content=\"article\" \/>\n<meta property=\"og:title\" content=\"Pol\u00edtica de privacidad - Originary Color\" \/>\n<meta property=\"og:description\" content=\"POL\u00cdTICA DE PRIVACIDAD Y PROTECCI\u00d3N DE DATOS DEL SITIO WEB Nijo10, S.L.es una empresa en la que la transparencia en la informaci\u00f3n es fundamental para establecer una relaci\u00f3n de confianza con las personas que forman nuestro proyecto y con nuestros [&hellip;]\" \/>\n<meta property=\"og:url\" content=\"https:\/\/originarycolor.com\/es\/politica-privacidad\/\" \/>\n<meta property=\"og:site_name\" content=\"Originary Color\" \/>\n<meta property=\"article:modified_time\" content=\"2021-01-11T02:38:16+00:00\" \/>\n<meta property=\"og:image\" content=\"https:\/\/originarycolor.com\/wp-content\/uploads\/2021\/01\/imaginary01.png\" \/>\n\t<meta property=\"og:image:width\" content=\"1701\" \/>\n\t<meta property=\"og:image:height\" content=\"425\" \/>\n\t<meta property=\"og:image:type\" content=\"image\/png\" \/>\n<meta name=\"twitter:card\" content=\"summary_large_image\" \/>\n<meta name=\"twitter:label1\" content=\"Tiempo de lectura\" \/>\n\t<meta name=\"twitter:data1\" content=\"4 minutos\" \/>\n<script type=\"application\/ld+json\" class=\"yoast-schema-graph\">{\"@context\":\"https:\\\/\\\/schema.org\",\"@graph\":[{\"@type\":\"WebPage\",\"@id\":\"https:\\\/\\\/originarycolor.com\\\/es\\\/politica-privacidad\\\/\",\"url\":\"https:\\\/\\\/originarycolor.com\\\/es\\\/politica-privacidad\\\/\",\"name\":\"Pol\u00edtica de privacidad - Originary Color\",\"isPartOf\":{\"@id\":\"https:\\\/\\\/originarycolor.com\\\/es\\\/en\\\/#website\"},\"datePublished\":\"2020-12-15T16:13:10+00:00\",\"dateModified\":\"2021-01-11T02:38:16+00:00\",\"breadcrumb\":{\"@id\":\"https:\\\/\\\/originarycolor.com\\\/es\\\/politica-privacidad\\\/#breadcrumb\"},\"inLanguage\":\"es\",\"potentialAction\":[{\"@type\":\"ReadAction\",\"target\":[\"https:\\\/\\\/originarycolor.com\\\/es\\\/politica-privacidad\\\/\"]}]},{\"@type\":\"BreadcrumbList\",\"@id\":\"https:\\\/\\\/originarycolor.com\\\/es\\\/politica-privacidad\\\/#breadcrumb\",\"itemListElement\":[{\"@type\":\"ListItem\",\"position\":1,\"name\":\"Portada\",\"item\":\"https:\\\/\\\/originarycolor.com\\\/es\\\/\"},{\"@type\":\"ListItem\",\"position\":2,\"name\":\"Pol\u00edtica de privacidad\"}]},{\"@type\":\"WebSite\",\"@id\":\"https:\\\/\\\/originarycolor.com\\\/es\\\/en\\\/#website\",\"url\":\"https:\\\/\\\/originarycolor.com\\\/es\\\/en\\\/\",\"name\":\"Originary Color\",\"description\":\"\",\"publisher\":{\"@id\":\"https:\\\/\\\/originarycolor.com\\\/es\\\/en\\\/#organization\"},\"potentialAction\":[{\"@type\":\"SearchAction\",\"target\":{\"@type\":\"EntryPoint\",\"urlTemplate\":\"https:\\\/\\\/originarycolor.com\\\/es\\\/en\\\/?s={search_term_string}\"},\"query-input\":{\"@type\":\"PropertyValueSpecification\",\"valueRequired\":true,\"valueName\":\"search_term_string\"}}],\"inLanguage\":\"es\"},{\"@type\":\"Organization\",\"@id\":\"https:\\\/\\\/originarycolor.com\\\/es\\\/en\\\/#organization\",\"name\":\"Imaginary Colors\",\"alternateName\":\"Imaginary Colors\",\"url\":\"https:\\\/\\\/originarycolor.com\\\/es\\\/en\\\/\",\"logo\":{\"@type\":\"ImageObject\",\"inLanguage\":\"es\",\"@id\":\"https:\\\/\\\/originarycolor.com\\\/es\\\/en\\\/#\\\/schema\\\/logo\\\/image\\\/\",\"url\":\"https:\\\/\\\/originarycolor.com\\\/wp-content\\\/uploads\\\/2021\\\/01\\\/imaginary01.png\",\"contentUrl\":\"https:\\\/\\\/originarycolor.com\\\/wp-content\\\/uploads\\\/2021\\\/01\\\/imaginary01.png\",\"width\":1701,\"height\":425,\"caption\":\"Imaginary Colors\"},\"image\":{\"@id\":\"https:\\\/\\\/originarycolor.com\\\/es\\\/en\\\/#\\\/schema\\\/logo\\\/image\\\/\"},\"sameAs\":[\"https:\\\/\\\/www.instagram.com\\\/imaginarycolorsproductos\\\/\"]}]}<\/script>\n<!-- \/ Yoast SEO plugin. -->","yoast_head_json":{"title":"Pol\u00edtica de privacidad - Originary Color","robots":{"index":"index","follow":"follow","max-snippet":"max-snippet:-1","max-image-preview":"max-image-preview:large","max-video-preview":"max-video-preview:-1"},"canonical":"https:\/\/originarycolor.com\/es\/politica-privacidad\/","og_locale":"es_ES","og_type":"article","og_title":"Pol\u00edtica de privacidad - Originary Color","og_description":"POL\u00cdTICA DE PRIVACIDAD Y PROTECCI\u00d3N DE DATOS DEL SITIO WEB Nijo10, S.L.es una empresa en la que la transparencia en la informaci\u00f3n es fundamental para establecer una relaci\u00f3n de confianza con las personas que forman nuestro proyecto y con nuestros [&hellip;]","og_url":"https:\/\/originarycolor.com\/es\/politica-privacidad\/","og_site_name":"Originary Color","article_modified_time":"2021-01-11T02:38:16+00:00","og_image":[{"width":1701,"height":425,"url":"https:\/\/originarycolor.com\/wp-content\/uploads\/2021\/01\/imaginary01.png","type":"image\/png"}],"twitter_card":"summary_large_image","twitter_misc":{"Tiempo de lectura":"4 minutos"},"schema":{"@context":"https:\/\/schema.org","@graph":[{"@type":"WebPage","@id":"https:\/\/originarycolor.com\/es\/politica-privacidad\/","url":"https:\/\/originarycolor.com\/es\/politica-privacidad\/","name":"Pol\u00edtica de privacidad - Originary Color","isPartOf":{"@id":"https:\/\/originarycolor.com\/es\/en\/#website"},"datePublished":"2020-12-15T16:13:10+00:00","dateModified":"2021-01-11T02:38:16+00:00","breadcrumb":{"@id":"https:\/\/originarycolor.com\/es\/politica-privacidad\/#breadcrumb"},"inLanguage":"es","potentialAction":[{"@type":"ReadAction","target":["https:\/\/originarycolor.com\/es\/politica-privacidad\/"]}]},{"@type":"BreadcrumbList","@id":"https:\/\/originarycolor.com\/es\/politica-privacidad\/#breadcrumb","itemListElement":[{"@type":"ListItem","position":1,"name":"Portada","item":"https:\/\/originarycolor.com\/es\/"},{"@type":"ListItem","position":2,"name":"Pol\u00edtica de privacidad"}]},{"@type":"WebSite","@id":"https:\/\/originarycolor.com\/es\/en\/#website","url":"https:\/\/originarycolor.com\/es\/en\/","name":"Originary Color","description":"","publisher":{"@id":"https:\/\/originarycolor.com\/es\/en\/#organization"},"potentialAction":[{"@type":"SearchAction","target":{"@type":"EntryPoint","urlTemplate":"https:\/\/originarycolor.com\/es\/en\/?s={search_term_string}"},"query-input":{"@type":"PropertyValueSpecification","valueRequired":true,"valueName":"search_term_string"}}],"inLanguage":"es"},{"@type":"Organization","@id":"https:\/\/originarycolor.com\/es\/en\/#organization","name":"Imaginary Colors","alternateName":"Imaginary Colors","url":"https:\/\/originarycolor.com\/es\/en\/","logo":{"@type":"ImageObject","inLanguage":"es","@id":"https:\/\/originarycolor.com\/es\/en\/#\/schema\/logo\/image\/","url":"https:\/\/originarycolor.com\/wp-content\/uploads\/2021\/01\/imaginary01.png","contentUrl":"https:\/\/originarycolor.com\/wp-content\/uploads\/2021\/01\/imaginary01.png","width":1701,"height":425,"caption":"Imaginary Colors"},"image":{"@id":"https:\/\/originarycolor.com\/es\/en\/#\/schema\/logo\/image\/"},"sameAs":["https:\/\/www.instagram.com\/imaginarycolorsproductos\/"]}]}},"_links":{"self":[{"href":"https:\/\/originarycolor.com\/es\/wp-json\/wp\/v2\/pages\/5","targetHints":{"allow":["GET"]}}],"collection":[{"href":"https:\/\/originarycolor.com\/es\/wp-json\/wp\/v2\/pages"}],"about":[{"href":"https:\/\/originarycolor.com\/es\/wp-json\/wp\/v2\/types\/page"}],"author":[{"embeddable":true,"href":"https:\/\/originarycolor.com\/es\/wp-json\/wp\/v2\/users\/1"}],"replies":[{"embeddable":true,"href":"https:\/\/originarycolor.com\/es\/wp-json\/wp\/v2\/comments?post=5"}],"version-history":[{"count":6,"href":"https:\/\/originarycolor.com\/es\/wp-json\/wp\/v2\/pages\/5\/revisions"}],"predecessor-version":[{"id":5783,"href":"https:\/\/originarycolor.com\/es\/wp-json\/wp\/v2\/pages\/5\/revisions\/5783"}],"wp:attachment":[{"href":"https:\/\/originarycolor.com\/es\/wp-json\/wp\/v2\/media?parent=5"}],"curies":[{"name":"wp","href":"https:\/\/api.w.org\/{rel}","templated":true}]}}